{"id":5,"date":"2016-07-25T16:46:38","date_gmt":"2016-07-25T14:46:38","guid":{"rendered":"https:\/\/blogs.fu-berlin.de\/erichzenger\/?page_id=5"},"modified":"2017-03-09T13:27:23","modified_gmt":"2017-03-09T12:27:23","slug":"mitarbeiter","status":"publish","type":"page","link":"https:\/\/blogs.fu-berlin.de\/erichzenger\/mitarbeiter\/","title":{"rendered":"Mitarbeiter"},"content":{"rendered":"<h3>Projektleiter<\/h3>\n<p><a href=\"https:\/\/www.geschkult.fu-berlin.de\/e\/kaththeo\/allgInfo\/magistri\/profs\/kampling\/index.html\">Prof. Dr. Rainer Kampling<\/a><\/p>\n<p><img loading=\"lazy\" decoding=\"async\" class=\"size-thumbnail wp-image-39 alignnone\" src=\"https:\/\/blogs.fu-berlin.de\/erichzenger\/files\/2016\/09\/kampling_arlt01-150x144.jpg\" alt=\"Rainer Kampling\" width=\"150\" height=\"144\" \/><\/p>\n<p>Freie Universit\u00e4t Berlin<br \/>\nSeminar f\u00fcr Katholische Theologie<br \/>\nFabeckstr. 23-25<br \/>\nRaum 0.1114<br \/>\n14195 Berlin<\/p>\n<h3>Kooperation<\/h3>\n<p><a href=\"https:\/\/www.uni-kassel.de\/fb1\/theologie\/kath\/muellner\/muellner\/muellner.html\" target=\"_blank\">Prof. Dr. Ilse M\u00fcllner<\/a><\/p>\n<p><img loading=\"lazy\" decoding=\"async\" class=\"size-thumbnail wp-image-37 alignnone\" src=\"https:\/\/blogs.fu-berlin.de\/erichzenger\/files\/2016\/09\/DSC_5020-kl-150x150.jpg\" alt=\"Ilse M\u00fcllner\" width=\"150\" height=\"150\" \/><\/p>\n<p>Universit\u00e4t Kassel<br \/>\nStandort Holl\u00e4ndischer Platz:<br \/>\nDiagonale 9, Zimmer 0419<br \/>\n34109 Kassel<\/p>\n<h3>Wissenschaftliche Mitarbeiter<\/h3>\n<p><a href=\"https:\/\/www.geschkult.fu-berlin.de\/e\/kaththeo\/allgInfo\/magistri\/Drittmittelprojekte\/kowalski\/index.html\" target=\"_blank\">Natalia Kowalski<\/a><\/p>\n<p><img loading=\"lazy\" decoding=\"async\" class=\"alignnone\" src=\"https:\/\/www.geschkult.fu-berlin.de\/e\/kaththeo\/Bilder\/nataliakowalski.jpg\" width=\"167\" height=\"235\" \/><\/p>\n<p>Freie Universit\u00e4t Berlin<br \/>\nSeminar f\u00fcr Katholische Theologie<br \/>\nFabeckstr. 23-25<br \/>\nRaum 0.2012<br \/>\n14195 Berlin<\/p>\n<p><a href=\"https:\/\/www.geschkult.fu-berlin.de\/e\/kaththeo\/allgInfo\/magistri\/Drittmittelprojekte\/schneider\/index.html\" target=\"_blank\">Johannes Schneider MA<\/a><\/p>\n<p><img loading=\"lazy\" decoding=\"async\" class=\"alignnone wp-image-78\" src=\"https:\/\/blogs.fu-berlin.de\/erichzenger\/files\/2017\/02\/DSC04371-297x300.jpg\" alt=\"DSC04371\" width=\"180\" height=\"182\" srcset=\"https:\/\/blogs.fu-berlin.de\/erichzenger\/files\/2017\/02\/DSC04371-297x300.jpg 297w, https:\/\/blogs.fu-berlin.de\/erichzenger\/files\/2017\/02\/DSC04371.jpg 390w\" sizes=\"auto, (max-width: 180px) 100vw, 180px\" \/><\/p>\n<p>Freie Universit\u00e4t Berlin<br \/>\nSeminar f\u00fcr Katholische Theologie<br \/>\nFabeckstr. 23-25<br \/>\nRaum 0.2012<br \/>\n14195 Berlin<\/p>\n<h3>Studentische Hilfskraft<\/h3>\n<p><a href=\"https:\/\/www.geschkult.fu-berlin.de\/e\/kaththeo\/allgInfo\/magistri\/studs\/herter\/index.html\">Mona Herter<\/a><\/p>\n<p><img loading=\"lazy\" decoding=\"async\" class=\"wp-image-68 alignnone\" src=\"https:\/\/blogs.fu-berlin.de\/erichzenger\/files\/2016\/09\/Mona_BildHP-246x300.jpg\" alt=\"monaherter\" width=\"180\" height=\"220\" \/><\/p>\n<p>Seminar f\u00fcr Katholische Theologie<br \/>\nFabeckstr. 23-25<br \/>\nRaum 0.2012<br \/>\n14195 Berlin<\/p>\n","protected":false},"excerpt":{"rendered":"<p>Projektleiter Prof. Dr. Rainer Kampling Freie Universit\u00e4t Berlin Seminar f\u00fcr Katholische Theologie Fabeckstr. 23-25 Raum 0.1114 14195 Berlin Kooperation Prof. Dr. Ilse M\u00fcllner Universit\u00e4t Kassel Standort Holl\u00e4ndischer Platz: Diagonale 9, Zimmer 0419 34109 Kassel Wissenschaftliche Mitarbeiter Natalia Kowalski Freie Universit\u00e4t Berlin Seminar f\u00fcr Katholische Theologie Fabeckstr. 23-25 Raum 0.2012 14195 Berlin Johannes Schneider MA Freie [&hellip;]<\/p>\n","protected":false},"author":2745,"featured_media":0,"parent":0,"menu_order":0,"comment_status":"closed","ping_status":"closed","template":"","meta":{"footnotes":""},"class_list":["post-5","page","type-page","status-publish","hentry"],"_links":{"self":[{"href":"https:\/\/blogs.fu-berlin.de\/erichzenger\/wp-json\/wp\/v2\/pages\/5","targetHints":{"allow":["GET"]}}],"collection":[{"href":"https:\/\/blogs.fu-berlin.de\/erichzenger\/wp-json\/wp\/v2\/pages"}],"about":[{"href":"https:\/\/blogs.fu-berlin.de\/erichzenger\/wp-json\/wp\/v2\/types\/page"}],"author":[{"embeddable":true,"href":"https:\/\/blogs.fu-berlin.de\/erichzenger\/wp-json\/wp\/v2\/users\/2745"}],"replies":[{"embeddable":true,"href":"https:\/\/blogs.fu-berlin.de\/erichzenger\/wp-json\/wp\/v2\/comments?post=5"}],"version-history":[{"count":35,"href":"https:\/\/blogs.fu-berlin.de\/erichzenger\/wp-json\/wp\/v2\/pages\/5\/revisions"}],"predecessor-version":[{"id":115,"href":"https:\/\/blogs.fu-berlin.de\/erichzenger\/wp-json\/wp\/v2\/pages\/5\/revisions\/115"}],"wp:attachment":[{"href":"https:\/\/blogs.fu-berlin.de\/erichzenger\/wp-json\/wp\/v2\/media?parent=5"}],"curies":[{"name":"wp","href":"https:\/\/api.w.org\/{rel}","templated":true}]}}