{"id":153,"date":"2014-01-01T01:00:10","date_gmt":"2014-01-01T01:00:10","guid":{"rendered":"https:\/\/blogs.fu-berlin.de\/vivirentiemposdificiles\/?page_id=153"},"modified":"2014-01-09T22:40:02","modified_gmt":"2014-01-09T22:40:02","slug":"este-blog","status":"publish","type":"page","link":"https:\/\/blogs.fu-berlin.de\/letrasendanza\/este-blog\/","title":{"rendered":"ESTE BLOG"},"content":{"rendered":"<blockquote>\n<p style=\"text-align: justify\"><strong>Letras en danza<\/strong> es un blog relacionado, en principio, con las clases que imparto en la Freie Universit\u00e4t de Berl\u00edn. All\u00ed trabajo desde 1998 como <a title=\"P\u00e1gina web \" href=\"https:\/\/www.geisteswissenschaften.fu-berlin.de\/we05\/institut\/mitarbeiter\/beltran\" target=\"_blank\">lectora de lengua espa\u00f1ola<\/a> en el <a title=\"Departamento de Rom\u00e1nicas FU Berlin\" href=\"https:\/\/www.geisteswissenschaften.fu-berlin.de\/we05\/\" target=\"_blank\">Departamento de Rom\u00e1nicas<\/a>.<\/p>\n<p style=\"text-align: justify\">A veces a mis estudiantes se les enganchan las letras como en las aspas de unos molinos de viento y hay que poner un poco de orden\u00a0 para entenderse. Otras veces las letras aparecen puestas muy en su sitio, con el orden verdadero de quien las organiz\u00f3, tal como aparecen en textos literarios, pero en ellos muchos lectores tropiezan o se les mezclan las letras sin encontrarles el sentido, porque las letras, muchas veces, bailan y no sabemos seguir su propio ritmo.<\/p>\n<p style=\"text-align: justify\">En este espacio (blog) tratamos de poner remedio a esos tropiezos: explicamos, analizamos, comentamos o ayudamos a aclarar ese orden verdadero de las letras en danza, para que nos iluminen desde dentro y nos movamos en con-sonancia.<\/p>\n<p style=\"text-align: justify\">Hay im\u00e1genes que me inspiran para escribir, por ejemplo la del frontispicio de la p\u00e1gina de acceso a este blog, que reproduce una pintura al \u00f3leo, en blanco y negro, del pintor <a title=\"P\u00e1gina oficial de Erich Paproth\" href=\"https:\/\/www.erichpaproth.de\" target=\"_blank\">Erich Paproth<\/a>. Su dimensi\u00f3n original es de 100 x 50 cm. Erich Paproth la retrabaj\u00f3 en Berl\u00edn en 2001.<\/p>\n<p style=\"text-align: justify\">\u00a0\u00a0\u00a0\u00a0\u00a0\u00a0\u00a0\u00a0\u00a0\u00a0\u00a0\u00a0\u00a0\u00a0\u00a0\u00a0\u00a0\u00a0\u00a0 Tambi\u00e9n este dibujo en blanco y negro (38 x 28 cm) sin t\u00edtulo de 1998, del mismo artista &#8230;<\/p>\n<p style=\"text-align: justify\"><a href=\"https:\/\/blogs.fu-berlin.de\/letrasendanza\/files\/2014\/01\/PA100760.jpg\"><img loading=\"lazy\" decoding=\"async\" class=\"size-medium wp-image-270 alignright\" alt=\"Erich Paproth, 1998\" src=\"https:\/\/blogs.fu-berlin.de\/letrasendanza\/files\/2014\/01\/PA100760-300x225.jpg\" width=\"222\" height=\"167\" srcset=\"https:\/\/blogs.fu-berlin.de\/letrasendanza\/files\/2014\/01\/PA100760-300x225.jpg 300w, https:\/\/blogs.fu-berlin.de\/letrasendanza\/files\/2014\/01\/PA100760.jpg 640w\" sizes=\"auto, (max-width: 222px) 100vw, 222px\" \/><\/a>&#8230;\u00a0 con un elemento semitransparente superpuesto y pegado en la parte superior izquierda, que deja traslucir otros elementos: las figuras que se elevan en danza -sin perder pie- formando una coreograf\u00eda que me inspira desde 1998, la fecha de su composici\u00f3n.<\/p>\n<p style=\"text-align: justify\">Agradezco a Jordi Antonijuan,\u00a0<a title=\"Jordi Antonijuan\" href=\"https:\/\/dabadugames.com\/about-us\/\" target=\"_blank\">dise\u00f1ador gr\u00e1fico,<\/a> su ayuda con la imagen del frontispicio en este blog. Sin sus conocimientos y habilidades no me habr\u00eda sido posible insertar la reproducci\u00f3n del cuadro apaisado de Erich Paproth.<\/p>\n<\/blockquote>\n<blockquote>\n<p style=\"text-align: center\"><span style=\"color: #99cc00\"><strong>LAS PARTES O CATEGOR\u00cdAS DEL BLOG<\/strong> <\/span><\/p>\n<p style=\"text-align: justify\"><span style=\"color: #339966\"><span style=\"color: #99cc00\">Las partes o armarios de este centro virtual est\u00e1n conectadas entre s\u00ed. La mayoria de las veces inicio una reflexi\u00f3n general sobre una lectura que apunto en <strong>LEER<\/strong>. Si los textos los he le\u00eddo con mis estudiantes y hemos tropezado con algunas palabras o expresiones, hacemos una visita a <strong>EXPLICAR<\/strong>. Los lectores avezados tomar\u00e1n un atajo hacia <strong>AN\u00c1LISIS<\/strong> o <strong>COMENTARIO<\/strong>, si les interesan estos campos. Quien se interese por otras lenguas puede zambullirse en <strong>EN OTRAS LENGUAS<\/strong>. En mi experiencia en el aula, hay momentos iluminadores que suelen ser pluriling\u00fces: como cuando una estudiante hace algunos meses nos coment\u00f3 que la palabra que m\u00e1s le gustaba en espa\u00f1ol era &#8222;cari\u00f1o&#8220; porque en su lengua materna, el alem\u00e1n, no exist\u00eda. Y que solo por eso val\u00eda la pena estudiar espa\u00f1ol. Estos comentarios y descubrimientos son como peque\u00f1os regalos (&#8222;Mitbringsel&#8220;) inmateriales que nos proporciona el contacto con los j\u00f3venes en el aula.<\/span> <\/span><\/p>\n<p style=\"text-align: justify\"><span style=\"color: #99cc00\">El apartado <strong>DIDACTIZAR<\/strong> es de acceso restringido pues aparecen tareas y soluciones a ejercicios, que o bien est\u00e1n supeditados a publicaci\u00f3n en papel y tienen <em>copyrigth<\/em>, o bien se utilizan en clase. Si desean m\u00e1s informaci\u00f3n pueden ponerse en contacto conmigo. <\/span><\/p>\n<p style=\"text-align: justify\"><span style=\"color: #99cc00\">Por \u00faltimo el apartado <strong>VIVIR EN TIEMPOS DIF\u00cdCILES<\/strong> est\u00e1 relacionado con lecturas obligatorias para estudiantes de espa\u00f1ol en Alemania (Abitur). El ep\u00edgrafe no es m\u00edo, pero podr\u00eda aplicarse a cualquier \u00e9poca, inclu\u00edda la presente. Me imagino que muchos profesores de lengua no hispanohablantes se encontrar\u00e1n en la disyuntiva de aplicar a sus propias vidas profesionales este t\u00edtulo cuando est\u00e9n preparando sus clases. Aqu\u00ed les ofrezco, en esta ventana o apartado, una bit\u00e1cora.<\/span><\/p>\n<p style=\"text-align: justify\">Por \u00faltimo, quiero a\u00f1adir que en el centro de mis lecturas y reflexiones est\u00e1 la obra del escritor espa\u00f1ol <a title=\"Web oficial de Jos\u00e9 Jimenez Lozano\" href=\"https:\/\/www.jimenezlozano.com\/v_portal\/apartados\/apartado.asp\" target=\"_blank\">Jos\u00e9 Jim\u00e9nez Lozano<\/a> .<\/p>\n<\/blockquote>\n","protected":false},"excerpt":{"rendered":"<p>Letras en danza es un blog relacionado, en principio, con las clases que imparto en la Freie Universit\u00e4t de Berl\u00edn. All\u00ed trabajo desde 1998 como lectora de lengua espa\u00f1ola en el Departamento de Rom\u00e1nicas. A veces a mis estudiantes se les enganchan las letras como en las aspas de unos molinos de viento y hay [&hellip;]<\/p>\n","protected":false},"author":74,"featured_media":0,"parent":0,"menu_order":0,"comment_status":"open","ping_status":"closed","template":"","meta":{"footnotes":""},"class_list":["post-153","page","type-page","status-publish","hentry"],"_links":{"self":[{"href":"https:\/\/blogs.fu-berlin.de\/letrasendanza\/wp-json\/wp\/v2\/pages\/153","targetHints":{"allow":["GET"]}}],"collection":[{"href":"https:\/\/blogs.fu-berlin.de\/letrasendanza\/wp-json\/wp\/v2\/pages"}],"about":[{"href":"https:\/\/blogs.fu-berlin.de\/letrasendanza\/wp-json\/wp\/v2\/types\/page"}],"author":[{"embeddable":true,"href":"https:\/\/blogs.fu-berlin.de\/letrasendanza\/wp-json\/wp\/v2\/users\/74"}],"replies":[{"embeddable":true,"href":"https:\/\/blogs.fu-berlin.de\/letrasendanza\/wp-json\/wp\/v2\/comments?post=153"}],"version-history":[{"count":21,"href":"https:\/\/blogs.fu-berlin.de\/letrasendanza\/wp-json\/wp\/v2\/pages\/153\/revisions"}],"predecessor-version":[{"id":407,"href":"https:\/\/blogs.fu-berlin.de\/letrasendanza\/wp-json\/wp\/v2\/pages\/153\/revisions\/407"}],"wp:attachment":[{"href":"https:\/\/blogs.fu-berlin.de\/letrasendanza\/wp-json\/wp\/v2\/media?parent=153"}],"curies":[{"name":"wp","href":"https:\/\/api.w.org\/{rel}","templated":true}]}}