{"id":238,"date":"2016-10-05T13:03:13","date_gmt":"2016-10-05T11:03:13","guid":{"rendered":"https:\/\/blogs.fu-berlin.de\/migration\/?page_id=238"},"modified":"2021-06-28T13:21:54","modified_gmt":"2021-06-28T11:21:54","slug":"links","status":"publish","type":"page","link":"https:\/\/blogs.fu-berlin.de\/migration\/links\/","title":{"rendered":"Weiterf\u00fchrendes"},"content":{"rendered":"<p>Hier findet ihr weiterf\u00fchrende Informationen zu Projekten, Blogs, Artikeln und Medienbeitr\u00e4gen zum Thema Flucht und Migration, die st\u00e4ndig erweitert werden kann und soll um umfassend informiert und im Austausch zu bleiben.<\/p>\n<p><strong>Blogs und Projekte<br \/>\n<\/strong><\/p>\n<ul>\n<li><a href=\"https:\/\/blogs.fu-berlin.de\/migration\/2016\/10\/18\/perspektiven-auf-gender-migration-in-der-arbeit-der-rls-in-asien-rls\/\">RLS Flucht und Migration<\/a>: Migration und Einwanderung pr\u00e4gen seit jeher Europa und auch Deutschland. Sie ver\u00e4ndern das Kulturelle, Soziale, Politische und \u00d6konomische und fordern jede Vorstellung einer homogenen Gesellschaft heraus. Diese transformativen Prozesse sind f\u00fcr kritische und fortschrittliche Str\u00f6mungen stets sinnstiftend, weil sie Gesellschaften im demokratischen Sinne pluralisieren.<\/li>\n<li><span style=\"color: #0000ff\"><a style=\"color: #0000ff\" href=\"https:\/\/www.boell.de\/de\/dossier-flucht-asyl\">Dossier Flucht und Migration der Heinrich B\u00f6ll Stiftung<\/a><\/span><\/li>\n<li><a href=\"https:\/\/migrantknowledge.org\/blog\/\">https:\/\/migrantknowledge.org\/blog\/<\/a> (GHI Pacific Regional Office)<\/li>\n<li><span style=\"color: #0000ff\"><a style=\"color: #0000ff\" href=\"https:\/\/fluechtlingsforschung.net\/uber-den-blog\/\">Fl\u00fcchtlingsforschungsblog &#8211; Beitr\u00e4ge zu Flucht, Asyl und Zwangsmigration<\/a><\/span><\/li>\n<li><a href=\"https:\/\/www.ffm-berlin.de\/aboutus.html\">Die Forschungsgruppe Flucht und Migration<\/a> forscht und ver\u00f6ffentlicht seit 1994 zur Situation von Gefl\u00fcchteten und Migrant_innen and den &#8218;Au\u00dfengrenzen&#8216; der EU, sowie zu Abschottungs- und Lagerpolitk. Sie konzentriert sich auf die Interessen und Rechte von Gefl\u00fcchteten und Migrant_innen.<\/li>\n<li>Das <a href=\"https:\/\/watchthemed.net\/\">Alarm Phone<\/a> wurde 2012 als Teil des Netzwerkes &#8222;<a href=\"https:\/\/www.watchthemed.net\/index.php\/page\/index\/3\">Watch The Med<\/a>&#8220; gegr\u00fcndet. &#8222;Watch the Mediterranean Sea is an online mapping platform to monitor the deaths and violations of migrants&#8216; rights at the maritime borders of the EU.&#8220; Es operiert zwischen der EU und zahlreichen L\u00e4ndern, aus denen Menschen sich auf den Weg \u00fcber das Mittelmeer machen. 24 Stunden t\u00e4glich werden Notrufe entgegengenommen und Druck auf die naheliegendste K\u00fcstenwache ausge\u00fcbt, eine Rettungsoperation durchzuf\u00fchren.<\/li>\n<li>Das <span style=\"color: #0000ff\">&#8222;<a style=\"color: #0000ff\" href=\"https:\/\/kritnet.org\/\">Netzwerk Kritische Migrations- und Grenzregimeforschung&#8220; (kritnet)<\/a><\/span> ist eine Gruppe, die sich interdisziplin\u00e4r zu kritischer Migrations- und Grenzregimeforschung austauscht. Sie enstand aus der Idee, kritische Grenzregimeforschung und Aktivismus zu verbinden und einen alternativen, solidarischen und kollektiven Wissenraum zu er\u00f6ffnen. Das Netzwerk verbindet Wissenschaftler*innen, Aktivist*innen, K\u00fcnstler*innen und NGO-Vertreter*innen.<\/li>\n<li><span style=\"color: #0000ff\"><a style=\"color: #0000ff\" href=\"https:\/\/blogs.fu-berlin.de\/migration\/files\/2016\/10\/Brosch\u00fcre_Vorurteile-bek\u00e4mpfen.pdf\">Brosch\u00fcre_Vorurteile bek\u00e4mpfen<\/a><\/span><br \/>\n\u00bbWir k\u00f6nnen doch nicht ganz Afrika aufnehmen\u00ab &#8211; Wo immer es um Asylsuchende geht, fallen solche S\u00e4tze, die auf \u00a0Ahnungslosigkeit und rassistischen Vorurteilen gr\u00fcnden. Aber was k\u00f6nnen wir entgegnen, wenn eine Person so daherredet? Die Amadeu Antonio Stiftung, IGM und ProAsyl haben eine \u00dcbersicht zusammengestellt \u00fcber die h\u00e4ufigsten Vorurteile \u2013 und eine angemessene Entgegnung.<\/li>\n<\/ul>\n<p><strong>Wissenschaftliche Literatur:<\/strong><\/p>\n<ul>\n<li>Fabian Georgi&#8217;s Beitrag &#8222;Widerspr\u00fcche im langen Sommer der Migration. Ans\u00e4tze einer materialistischen Grenzregimeanalyse&#8220; in <a href=\"https:\/\/www.prokla.de\/2016\/05\/26\/editorial-prokla-183\/\">PROKLA Zeitschrift f\u00fcr kritische Sozialwissenschaft<\/a> gibt eine detaillierte Beschreibung \u00fcber die Ereignisse des sogenannten &#8222;Sommers der Migration&#8220; 2015. Er bringt die Hintergr\u00fcnde politischer Entscheidungen, die die Einreise nach Europa oder\u00a0 die Abschottung gegen Menschen betrafen mit einer Analyse \u00f6konomischer Faktoren zusammen. Dabei wird deutlich, wie Migration und Menschen nach ihrem Wert f\u00fcr eine kapitalistische Verwertungslogik beurteilt werden.<\/li>\n<li><a href=\"https:\/\/movements-journal.org\/\">&#8222;Movements&#8220;<\/a><\/li>\n<li><a href=\"https:\/\/nuso.org\/\">Nueva Sociedad. Democracia y pol\u00edtica en Am\u00e9rica Latina<\/a> &#8211; Sozialwissenschaftliche Zeitschrift aus Lateinamerika. <a href=\"https:\/\/nuso.org\/buscar\/?q=migracion\">Beitr\u00e4ge zur Migration in Lateinamerika und der Karibik<\/a><\/li>\n<li><a href=\"https:\/\/nuso.org\/buscar\/?q=migracion\">Dang Dai &#8211; revista de intercambio cultural Argentina \u2013 China<\/a><\/li>\n<\/ul>\n<p><strong>Medienbeitr\u00e4ge:<\/strong><\/p>\n<p><strong>Projekte:<\/strong><\/p>\n<ul>\n<li><span style=\"color: #0000ff\"><a style=\"color: #0000ff\" href=\"https:\/\/www.berlin.de\/ba-pankow\/politik-und-verwaltung\/beauftragte\/integration\/information\/artikel.276064.php\" target=\"_blank\" rel=\"noopener noreferrer\">Projekt \u201cUnterwegs zu einer Willkommenskultur mit neu zugewanderten Kindern und Jugendlichen\u201c<br \/>\n<\/a><\/span><\/li>\n<\/ul>\n<p><strong>Kampagnen \/ Petitionen:<\/strong><\/p>\n<ul>\n<li><a href=\"https:\/\/www.proasyl.de\/thema\/eu-tuerkei-deal\/#topic-content\">Kampagne gegen den &#8222;EU-T\u00fcrkei Deal&#8220;<br \/>\n<\/a>Der &#8222;EU-T\u00fcrkei Deal&#8220;, der am 20. M\u00e4rz 2016 in Kraft trat, stuft die T\u00fcrkei als &#8222;sicheren Drittstaat&#8220; ein, in dem Gefl\u00fcchtete angeblich Schutz finden k\u00f6nnen. Gefl\u00fcchtete, die aus der T\u00fcrkei nach Europa kommen, k\u00f6nnen demnach ohne Pr\u00fcfung ihrer Asylgr\u00fcnde wieder dorthin abgeschoben werden. Im Gegenzug m\u00f6chten die EU-Staaten f\u00fcr jeden Abgeschobenen einen syrischen Fl\u00fcchtling aus der T\u00fcrkei auf legalen Wegen aufnehmen. Weitere Informationen \u00fcber diese Doppelmoral finden sich auf der Seite von <a href=\"https:\/\/www.proasyl.de\/thema\/eu-tuerkei-deal\/hintergrund\/\">ProAsyl<\/a>, wo auch die Kampagne unterschrieben werden kann.<\/li>\n<\/ul>\n<p><strong>Ausschreibungen:<\/strong><\/p>\n<ul>\n<li><a href=\"https:\/\/geest-verlag.de\/ausschreibungen\/von-fluchten-und-wiederfluchten-ein-anthologie-projekt-vom-kulturzentrum-grend-essen\" target=\"_blank\" rel=\"noopener noreferrer\">Von Fluchten und Wiederfluchten. Ein Anthologie-Projekt vom Kulturzentrum Grend in Essen und vom Geest-Verlag.<\/a>\u00a0Teilnehmen k\u00f6nnen alle, denen das Thema Flucht am Herzen liegt. Mindestalter 16 Jahre. Die Wahl der Gattung ist frei. Einsendeschluss: 31. Januar 2017.<\/li>\n<\/ul>\n","protected":false},"excerpt":{"rendered":"<p>Hier findet ihr weiterf\u00fchrende Informationen zu Projekten, Blogs, Artikeln und Medienbeitr\u00e4gen zum Thema Flucht und Migration, die st\u00e4ndig erweitert werden kann und soll um umfassend informiert und im Austausch zu bleiben. Blogs und Projekte RLS Flucht und Migration: Migration und Einwanderung pr\u00e4gen seit jeher Europa und auch Deutschland. Sie ver\u00e4ndern das Kulturelle, Soziale, Politische und [&hellip;]<\/p>\n","protected":false},"author":2744,"featured_media":0,"parent":0,"menu_order":0,"comment_status":"closed","ping_status":"closed","template":"","meta":{"footnotes":""},"class_list":["post-238","page","type-page","status-publish","hentry"],"_links":{"self":[{"href":"https:\/\/blogs.fu-berlin.de\/migration\/wp-json\/wp\/v2\/pages\/238","targetHints":{"allow":["GET"]}}],"collection":[{"href":"https:\/\/blogs.fu-berlin.de\/migration\/wp-json\/wp\/v2\/pages"}],"about":[{"href":"https:\/\/blogs.fu-berlin.de\/migration\/wp-json\/wp\/v2\/types\/page"}],"author":[{"embeddable":true,"href":"https:\/\/blogs.fu-berlin.de\/migration\/wp-json\/wp\/v2\/users\/2744"}],"replies":[{"embeddable":true,"href":"https:\/\/blogs.fu-berlin.de\/migration\/wp-json\/wp\/v2\/comments?post=238"}],"version-history":[{"count":28,"href":"https:\/\/blogs.fu-berlin.de\/migration\/wp-json\/wp\/v2\/pages\/238\/revisions"}],"predecessor-version":[{"id":833,"href":"https:\/\/blogs.fu-berlin.de\/migration\/wp-json\/wp\/v2\/pages\/238\/revisions\/833"}],"wp:attachment":[{"href":"https:\/\/blogs.fu-berlin.de\/migration\/wp-json\/wp\/v2\/media?parent=238"}],"curies":[{"name":"wp","href":"https:\/\/api.w.org\/{rel}","templated":true}]}}