{"id":2,"date":"2013-12-30T13:17:59","date_gmt":"2013-12-30T13:17:59","guid":{"rendered":""},"modified":"2014-09-23T15:50:50","modified_gmt":"2014-09-23T13:50:50","slug":"info","status":"publish","type":"page","link":"https:\/\/blogs.fu-berlin.de\/nederlands\/info\/","title":{"rendered":"Blog-Info"},"content":{"rendered":"<p>Dieses Blog enth\u00e4lt Beobachtungen und Anmerkungen zur niederl\u00e4ndischen Sprache und zum niederl\u00e4ndischsprachigen Kulturraum. Die Autor\/innen sind Mitarbeiter\/innen der <a href=\"https:\/\/www.niederlandistik.fu-berlin.de\/\">Niederl\u00e4ndischen Philologie<\/a> an der FU Berlin, insbesondere der Abteilung f\u00fcr niederl\u00e4ndische Sprachwissenschaft, die auch <a href=\"https:\/\/neon.niederlandistik.fu-berlin.de\">NEON &#8211; Nederlands Online<\/a> betreibt.<\/p>\n<p>Hier schreiben zur Zeit:<\/p>\n<ul>\n<li><a href=\"https:\/\/neon.niederlandistik.fu-berlin.de\/diepeveen\/\" target=\"_blank\">Janneke Diepeveen<\/a><\/li>\n<li><a href=\"https:\/\/neon.niederlandistik.fu-berlin.de\/huening\/\" target=\"_blank\">Matthias H\u00fcning<\/a><\/li>\n<li><a href=\"https:\/\/neon.niederlandistik.fu-berlin.de\/kraemer\/\" target=\"_blank\">Philipp Kr\u00e4mer<\/a><\/li>\n<li><a href=\"https:\/\/www.geisteswissenschaften.fu-berlin.de\/we04\/institut\/mitarbeiter\/ridderbeekx\/\" target=\"_blank\">Johanna Ridderbeekx<\/a><\/li>\n<li><a href=\"https:\/\/www.geisteswissenschaften.fu-berlin.de\/we04\/institut\/mitarbeiter\/de-wilde\/index.html\" target=\"_blank\">Truus De Wilde<\/a><\/li>\n<\/ul>\n<p>&nbsp;<\/p>\n<hr \/>\n<p><strong>Dem Blog folgen<\/strong><\/p>\n<p>Wenn Sie auf neue Blogbeitr\u00e4ge hingewiesen werden m\u00f6chten und zudem sicherstellen wollen, dass Sie nichts verpassen, was hier passiert, dann bietet es sich an, den zugeh\u00f6rigen RSS-Feed zu abonnieren. Der entsprechende Link befindet sich auf der Seite (oben rechts oder im &#8218;Meta&#8216;-Kasten).<\/p>\n<p>Wenn Sie nicht wissen, wie Sie einen RSS-Feed abonnieren und lesen k\u00f6nnen, dann hilft vielleicht unsere kleine Hilfe-Seite <a href=\"https:\/\/neon.niederlandistik.fu-berlin.de\/rss_hilfe\" target=\"_blank\">Wie funktioniert eigentlich ein RSS-Feed?<\/a><\/p>\n","protected":false},"excerpt":{"rendered":"<p>Dieses Blog enth\u00e4lt Beobachtungen und Anmerkungen zur niederl\u00e4ndischen Sprache und zum niederl\u00e4ndischsprachigen Kulturraum. Die Autor\/innen sind Mitarbeiter\/innen der Niederl\u00e4ndischen Philologie an der FU Berlin, insbesondere der Abteilung f\u00fcr niederl\u00e4ndische Sprachwissenschaft, die auch NEON &#8211; Nederlands Online betreibt. Hier schreiben zur Zeit: Janneke Diepeveen Matthias H\u00fcning Philipp Kr\u00e4mer Johanna Ridderbeekx Truus De Wilde &nbsp; Dem Blog [&hellip;]<\/p>\n","protected":false},"author":1127,"featured_media":0,"parent":0,"menu_order":0,"comment_status":"open","ping_status":"open","template":"","meta":{"footnotes":""},"class_list":["post-2","page","type-page","status-publish","hentry"],"_links":{"self":[{"href":"https:\/\/blogs.fu-berlin.de\/nederlands\/wp-json\/wp\/v2\/pages\/2","targetHints":{"allow":["GET"]}}],"collection":[{"href":"https:\/\/blogs.fu-berlin.de\/nederlands\/wp-json\/wp\/v2\/pages"}],"about":[{"href":"https:\/\/blogs.fu-berlin.de\/nederlands\/wp-json\/wp\/v2\/types\/page"}],"author":[{"embeddable":true,"href":"https:\/\/blogs.fu-berlin.de\/nederlands\/wp-json\/wp\/v2\/users\/1127"}],"replies":[{"embeddable":true,"href":"https:\/\/blogs.fu-berlin.de\/nederlands\/wp-json\/wp\/v2\/comments?post=2"}],"version-history":[{"count":12,"href":"https:\/\/blogs.fu-berlin.de\/nederlands\/wp-json\/wp\/v2\/pages\/2\/revisions"}],"predecessor-version":[{"id":4940,"href":"https:\/\/blogs.fu-berlin.de\/nederlands\/wp-json\/wp\/v2\/pages\/2\/revisions\/4940"}],"wp:attachment":[{"href":"https:\/\/blogs.fu-berlin.de\/nederlands\/wp-json\/wp\/v2\/media?parent=2"}],"curies":[{"name":"wp","href":"https:\/\/api.w.org\/{rel}","templated":true}]}}