{"id":3,"date":"2017-01-26T22:24:09","date_gmt":"2017-01-26T21:24:09","guid":{"rendered":"https:\/\/blogs.fu-berlin.de\/organized-creativity\/?page_id=2"},"modified":"2017-03-06T17:06:45","modified_gmt":"2017-03-06T16:06:45","slug":"beispiel-seite","status":"publish","type":"page","link":"https:\/\/blogs.fu-berlin.de\/organized-creativity\/beispiel-seite\/","title":{"rendered":"Links"},"content":{"rendered":"<p><a href=\"https:\/\/www.wiwiss.fu-berlin.de\/forschung\/organized-creativity\/\">Organized Creativity Homepage, FU Berlin<\/a><\/p>\n<p><a href=\"https:\/\/www.researchgate.net\/project\/Organized-Creativity-Practices-for-Inducing-and-Coping-with-Uncertainty\">Organized Creativity on ResearchGate<\/a><\/p>\n<p><a href=\"https:\/\/www.dfg.de\/foerderung\/programme\/listen\/projektdetails\/index.jsp?id=248556105\">Deutsche Forschungsgemeinschaft: Forschergruppe 2161 &#8211; Organisierte Kreativit\u00e4t<\/a><\/p>\n<p>&nbsp;<\/p>\n<p>&nbsp;<\/p>\n<p><a href=\"https:\/\/www.wiwiss.fu-berlin.de\/fachbereich\/bwl\/management\/sydow\/Lehrstuhl\/team-sprechstunden\/sydow.html\">Professur f\u00fcr Unternehmenskooperation, FU Berlin (Prof. Dr. J\u00f6rg Sydow)<\/a><\/p>\n<p><a href=\"https:\/\/www.jku.at\/org\/content\/e54430\/index_html?team_view=section&amp;emp=e54430\/employee_groups_wiss306804\/employees306805\">Institut f\u00fcr Organisation und Globale Managementstudien, Professur f\u00fcr Betriebswirtschaftslehre, JKU Linz (Prof. Dr. Elke Sch\u00fc\u00dfler)<\/a><\/p>\n<p><a href=\"https:\/\/www.uibk.ac.at\/iol\/organisation\/team\/leonhard-dobusch\/leonhard_dobusch.html\">Institut f\u00fcr Organisation und Lernen, Professur f\u00fcr Organisation, Universit\u00e4t Innsbruck (Prof. Dr. Leonhard Dobusch)<\/a><\/p>\n<p><a href=\"https:\/\/www.hcu-hamburg.de\/research\/arbeitsgebiete-professuren\/gernot-grabher\/\">Professur f\u00fcr Urban and Regional Economics, HCU Hamburg (Prof. Dr. Gernot Grabher)<\/a><\/p>\n<p><a href=\"https:\/\/leibniz-irs.de\/personen-karriere\/mitarbeiterinnen\/person\/oliver-ibert-0318\/\">Leibniz-Institut f\u00fcr Raumbezogene Sozialforschung, Abt. Dynamiken von Wirtschaftsr\u00e4umen, Erkner \/ Professur f\u00fcr Wirtschaftsgeographie, FU Berlin (Prof. Dr. Oliver Ibert)<\/a><\/p>\n<p><a href=\"https:\/\/www.wiwi.europa-uni.de\/de\/lehrstuhl\/mm\/pewoma\/team\/inhaber\/index.html\">Professur f\u00fcr Betriebswirtschaftslehre, insbes. Personal, Arbeit und Management, Europa-Universit\u00e4t Viadrina Frankfurt\/O. (Prof. Dr. Jana Costas)<\/a><\/p>\n<p><a href=\"https:\/\/www.wiwiss.fu-berlin.de\/fachbereich\/bwl\/management\/jackson\/team\/gjackson\/index.html\">Professur f\u00fcr Personalpolitik, FU Berlin (Prof. Dr. Gregory Jackson)<\/a><\/p>\n<p><a href=\"https:\/\/www.uni-due.de\/soziologie\/quack.php\">Professur f\u00fcr Soziologie, Schwerpunkt Vergleichende Soziologie, Universit\u00e4t Duisburg-Essen (Prof. Dr. Sigrid Quack)<\/a><\/p>\n","protected":false},"excerpt":{"rendered":"<p>Organized Creativity Homepage, FU Berlin Organized Creativity on ResearchGate Deutsche Forschungsgemeinschaft: Forschergruppe 2161 &#8211; Organisierte Kreativit\u00e4t &nbsp; &nbsp; Professur f\u00fcr Unternehmenskooperation, FU Berlin (Prof. Dr. J\u00f6rg Sydow) Institut f\u00fcr Organisation und Globale Managementstudien, Professur f\u00fcr Betriebswirtschaftslehre, JKU Linz (Prof. Dr. Elke Sch\u00fc\u00dfler) Institut f\u00fcr Organisation und Lernen, Professur f\u00fcr Organisation, Universit\u00e4t Innsbruck (Prof. Dr. Leonhard [&hellip;]<\/p>\n","protected":false},"author":2938,"featured_media":0,"parent":0,"menu_order":2,"comment_status":"closed","ping_status":"closed","template":"","meta":{"footnotes":""},"class_list":["post-3","page","type-page","status-publish","hentry"],"_links":{"self":[{"href":"https:\/\/blogs.fu-berlin.de\/organized-creativity\/wp-json\/wp\/v2\/pages\/3","targetHints":{"allow":["GET"]}}],"collection":[{"href":"https:\/\/blogs.fu-berlin.de\/organized-creativity\/wp-json\/wp\/v2\/pages"}],"about":[{"href":"https:\/\/blogs.fu-berlin.de\/organized-creativity\/wp-json\/wp\/v2\/types\/page"}],"author":[{"embeddable":true,"href":"https:\/\/blogs.fu-berlin.de\/organized-creativity\/wp-json\/wp\/v2\/users\/2938"}],"replies":[{"embeddable":true,"href":"https:\/\/blogs.fu-berlin.de\/organized-creativity\/wp-json\/wp\/v2\/comments?post=3"}],"version-history":[{"count":12,"href":"https:\/\/blogs.fu-berlin.de\/organized-creativity\/wp-json\/wp\/v2\/pages\/3\/revisions"}],"predecessor-version":[{"id":123,"href":"https:\/\/blogs.fu-berlin.de\/organized-creativity\/wp-json\/wp\/v2\/pages\/3\/revisions\/123"}],"wp:attachment":[{"href":"https:\/\/blogs.fu-berlin.de\/organized-creativity\/wp-json\/wp\/v2\/media?parent=3"}],"curies":[{"name":"wp","href":"https:\/\/api.w.org\/{rel}","templated":true}]}}