{"id":249,"date":"2023-05-08T09:54:28","date_gmt":"2023-05-08T07:54:28","guid":{"rendered":"https:\/\/blogs.fu-berlin.de\/sommerfest\/?page_id=249"},"modified":"2023-05-12T10:21:24","modified_gmt":"2023-05-12T08:21:24","slug":"spendenaktion","status":"publish","type":"page","link":"https:\/\/blogs.fu-berlin.de\/sommerfest\/spendenaktion\/","title":{"rendered":"Spendenaktion"},"content":{"rendered":"\n<p>Die Freie Universit\u00e4t Berlin hat sich von Beginn an den demokratischen Werten sowie der Freiheit und Unabh\u00e4ngigkeit verpflichtet. Mit ihrer besonderen Gr\u00fcndungsgeschichte ist sie sich ihrer gesellschaftlichen Verantwortung stets bewusst und hat eine lange Tradition, internationale humanit\u00e4re Anliegen zu unterst\u00fctzen.<\/p>\n\n\n\n<p>Viele Mitglieder der Universit\u00e4t engagieren sich \u00fcber ihre Arbeit hinaus auch pers\u00f6nlich f\u00fcr gemeinn\u00fctzige Organisationen im In- und Ausland. Das Jubil\u00e4umsjahr soll daher nicht nur ein Grund zum Feiern sein, sondern auch dazu dienen, den Blick auf aktuelle Krisenherde in der Welt zu lenken und an die Tradition des Helfens und des Engagements anzukn\u00fcpfen.<\/p>\n\n\n\n<h2 class=\"wp-block-heading\">Spendenaktion<\/h2>\n\n\n\n<p>Aus diesem Grund l\u00e4dt die Freie Universit\u00e4t dazu ein, sich an der&nbsp;<strong>Sonder-Spendenaktion \u201e75 Jahre freies Denken: Ein Grund zu feiern, ein Grund zu spenden.\u201c<\/strong>&nbsp;zugunsten der&nbsp;internationalen Hilfsorganisation \u201e\u00c4rzte ohne Grenzen\u201c&nbsp;zu beteiligen.<\/p>\n\n\n\n<p>Zehntausende humanit\u00e4re Helfer*innen engagieren sich weltweit in mehr als 70 L\u00e4ndern f\u00fcr die Organisation. Sie sind als \u00c4rzt*innen, Krankenpfleger*innen, Psycholog*innen, Verwaltungsmitarbeiter*innen und Logistikexpert*innen in k\u00fcrzester Zeit einsatzf\u00e4hig, um bei Krisen zu helfen.<\/p>\n\n\n\n<p><\/p>\n\n\n\n<h2 class=\"wp-block-heading\">Bankverbindung<\/h2>\n\n\n\n<p><strong>\u00c4rzte ohne Grenzen e.V.<\/strong><br>IBAN: DE72 3702 0500 0009 7097 00<br>SWIFT-BIC: BFSWDE33XXX<br>Bank f\u00fcr Sozialwirtschaft<br>Verwendungszweck:&nbsp;FU Berlin<\/p>\n\n\n\n<p><\/p>\n\n\n\n<p>Jetzt online spenden:<\/p>\n\n\n\n<p><a href=\"https:\/\/www.aerzte-ohne-grenzen.de\/sich-engagieren\/spendenaktion\/online?cfd=kt8yq\">www.aerzte-ohne-grenzen.de<\/a><\/p>\n","protected":false},"excerpt":{"rendered":"<p>Die Freie Universit\u00e4t Berlin hat sich von Beginn an den demokratischen Werten sowie der Freiheit und Unabh\u00e4ngigkeit verpflichtet. Mit ihrer besonderen Gr\u00fcndungsgeschichte ist sie sich ihrer gesellschaftlichen Verantwortung stets bewusst und hat eine lange Tradition, internationale humanit\u00e4re Anliegen zu unterst\u00fctzen. Viele Mitglieder der Universit\u00e4t engagieren sich \u00fcber ihre Arbeit hinaus auch pers\u00f6nlich f\u00fcr gemeinn\u00fctzige Organisationen &hellip; <a href=\"https:\/\/blogs.fu-berlin.de\/sommerfest\/spendenaktion\/\" class=\"more-link\"><span class=\"screen-reader-text\">\u201eSpendenaktion\u201c<\/span> weiterlesen<\/a><\/p>\n","protected":false},"author":4131,"featured_media":293,"parent":0,"menu_order":0,"comment_status":"closed","ping_status":"closed","template":"","meta":{"footnotes":""},"class_list":["post-249","page","type-page","status-publish","has-post-thumbnail","hentry"],"_links":{"self":[{"href":"https:\/\/blogs.fu-berlin.de\/sommerfest\/wp-json\/wp\/v2\/pages\/249","targetHints":{"allow":["GET"]}}],"collection":[{"href":"https:\/\/blogs.fu-berlin.de\/sommerfest\/wp-json\/wp\/v2\/pages"}],"about":[{"href":"https:\/\/blogs.fu-berlin.de\/sommerfest\/wp-json\/wp\/v2\/types\/page"}],"author":[{"embeddable":true,"href":"https:\/\/blogs.fu-berlin.de\/sommerfest\/wp-json\/wp\/v2\/users\/4131"}],"replies":[{"embeddable":true,"href":"https:\/\/blogs.fu-berlin.de\/sommerfest\/wp-json\/wp\/v2\/comments?post=249"}],"version-history":[{"count":3,"href":"https:\/\/blogs.fu-berlin.de\/sommerfest\/wp-json\/wp\/v2\/pages\/249\/revisions"}],"predecessor-version":[{"id":273,"href":"https:\/\/blogs.fu-berlin.de\/sommerfest\/wp-json\/wp\/v2\/pages\/249\/revisions\/273"}],"wp:featuredmedia":[{"embeddable":true,"href":"https:\/\/blogs.fu-berlin.de\/sommerfest\/wp-json\/wp\/v2\/media\/293"}],"wp:attachment":[{"href":"https:\/\/blogs.fu-berlin.de\/sommerfest\/wp-json\/wp\/v2\/media?parent=249"}],"curies":[{"name":"wp","href":"https:\/\/api.w.org\/{rel}","templated":true}]}}