{"id":816,"date":"2022-08-23T11:59:49","date_gmt":"2022-08-23T09:59:49","guid":{"rendered":"https:\/\/blogs.fu-berlin.de\/startpaket\/?page_id=816"},"modified":"2023-04-03T15:00:35","modified_gmt":"2023-04-03T13:00:35","slug":"termin-themenanfrage","status":"publish","type":"page","link":"https:\/\/blogs.fu-berlin.de\/startpaket\/termin-themenanfrage\/","title":{"rendered":"Beratungstermin Erstgespr\u00e4ch"},"content":{"rendered":"<p>Hier k\u00f6nnen Sie einen individuellen Beratungstermin mit uns vereinbaren. Nach einer zeitlichen Orientierung Ihrerseits melden wir uns anschlie\u00dfend mit einem Terminvorschlag zur\u00fcck. Um ein Team aus Expert*innen zusammenstellen zu k\u00f6nnen, w\u00e4ren wir f\u00fcr eine kurze Angabe vorab dankbar, welche Angebote der Servicepakete f\u00fcr Sie<em> derzeit am relevantesten<\/em> ist. Falls Sie dies noch nicht absehen k\u00f6nnen, setzen wir gerne ein erstes Kennenlerngespr\u00e4ch von ca. einer Stunde fest und vertiefen unsere Services je nach Bedarf bei Folgeterminen.<\/p>\n<div class=\"wpcf7 no-js\" id=\"wpcf7-f815-o1\" lang=\"de-DE\" dir=\"ltr\" data-wpcf7-id=\"815\">\n<div class=\"screen-reader-response\">\n<p role=\"status\" aria-live=\"polite\" aria-atomic=\"true\">\n<ul><\/ul>\n<\/div>\n<form action=\"\/startpaket\/wp-json\/wp\/v2\/pages\/816#wpcf7-f815-o1\" method=\"post\" class=\"wpcf7-form init\" aria-label=\"Kontaktformular\" novalidate=\"novalidate\" data-status=\"init\">\n<fieldset class=\"hidden-fields-container\"><input type=\"hidden\" name=\"_wpcf7\" value=\"815\" \/><input type=\"hidden\" name=\"_wpcf7_version\" value=\"6.1.2\" \/><input type=\"hidden\" name=\"_wpcf7_locale\" value=\"de_DE\" \/><input type=\"hidden\" name=\"_wpcf7_unit_tag\" value=\"wpcf7-f815-o1\" \/><input type=\"hidden\" name=\"_wpcf7_container_post\" value=\"0\" \/><input type=\"hidden\" name=\"_wpcf7_posted_data_hash\" value=\"\" \/><br \/>\n<\/fieldset>\n<p>Ich w\u00fcnsche einen Kontakt zur Fachbibliothek: <span class=\"wpcf7-form-control-wrap\" data-name=\"menu-131\"><select class=\"wpcf7-form-control wpcf7-select\" aria-invalid=\"false\" name=\"menu-131\"><option value=\"\">&#8211; Bitte ausw\u00e4hlen &#8211;<\/option><option value=\"Zentralbibliothek\">Zentralbibliothek<\/option><option value=\"Campusbibliothek Natur-, Kultur- und Bildungswissenschaften, Mathematik, Informatik und Psychologie\">Campusbibliothek Natur-, Kultur- und Bildungswissenschaften, Mathematik, Informatik und Psychologie<\/option><option value=\"Bibliothek Rechtswissenschaft\">Bibliothek Rechtswissenschaft<\/option><option value=\"Wirtschaftswissenschaftliche Bibliothek\">Wirtschaftswissenschaftliche Bibliothek<\/option><option value=\"Bibliothek f\u00fcr Sozialwissenschaften und Osteuropastudien\">Bibliothek f\u00fcr Sozialwissenschaften und Osteuropastudien<\/option><option value=\"Bibliothek des JFKI f\u00fcr Nordamerikastudien\">Bibliothek des JFKI f\u00fcr Nordamerikastudien<\/option><option value=\"Philologische Bibliothek\">Philologische Bibliothek<\/option><option value=\"Bibliothek des Instituts f\u00fcr Theaterwissenschaft\/Musikwissenschaft\">Bibliothek des Instituts f\u00fcr Theaterwissenschaft\/Musikwissenschaft<\/option><option value=\"Bibliothek des Friedrich-Meinecke-Instituts f\u00fcr Geschichte\">Bibliothek des Friedrich-Meinecke-Instituts f\u00fcr Geschichte<\/option><option value=\"Bibliothek des Instituts f\u00fcr Kunstgeschichte\">Bibliothek des Instituts f\u00fcr Kunstgeschichte<\/option><option value=\"Veterin\u00e4rmedizinische Bibliothek\">Veterin\u00e4rmedizinische Bibliothek<\/option><option value=\"Bibliothek am Botanischen Garten und Botanischen Museum (BGBM)\">Bibliothek am Botanischen Garten und Botanischen Museum (BGBM)<\/option><option value=\"Bereichsbibliothek Biologie\/Standort ZE BGBM\">Bereichsbibliothek Biologie\/Standort ZE BGBM<\/option><option value=\"Geowissenschaftliche Bibliothek\">Geowissenschaftliche Bibliothek<\/option><option value=\"Bibliothek des Instituts f\u00fcr Meteorologie\">Bibliothek des Instituts f\u00fcr Meteorologie<\/option><\/select><\/span>\n<\/p>\n<p>Mein Fachbereich\/Zentralinstitut: <span class=\"wpcf7-form-control-wrap\" data-name=\"menu-465\"><select class=\"wpcf7-form-control wpcf7-select wpcf7-validates-as-required\" aria-required=\"true\" aria-invalid=\"false\" name=\"menu-465\"><option value=\"\">&#8211; Bitte ausw\u00e4hlen &#8211;<\/option><option value=\"Fachbereich Biologie, Chemie, Pharmazie\">Fachbereich Biologie, Chemie, Pharmazie<\/option><option value=\"Fachbereich Erziehungswissenschaft und Psychologie\">Fachbereich Erziehungswissenschaft und Psychologie<\/option><option value=\"Fachbereich Geowissenschaften\">Fachbereich Geowissenschaften<\/option><option value=\"Fachbereich Geschichts- und Kulturwissenschaften\">Fachbereich Geschichts- und Kulturwissenschaften<\/option><option value=\"Fachbereich Mathematik und Informatik\">Fachbereich Mathematik und Informatik<\/option><option value=\"Fachbereich Philosophie und Geisteswissenschaften\">Fachbereich Philosophie und Geisteswissenschaften<\/option><option value=\"Fachbereich Physik\">Fachbereich Physik<\/option><option value=\"Fachbereich Politik- und Sozialwissenschaften\">Fachbereich Politik- und Sozialwissenschaften<\/option><option value=\"Fachbereich Rechtswissenschaft\">Fachbereich Rechtswissenschaft<\/option><option value=\"Fachbereich Veterin\u00e4rmedizin\">Fachbereich Veterin\u00e4rmedizin<\/option><option value=\"Fachbereich Wirtschaftswissenschaft\">Fachbereich Wirtschaftswissenschaft<\/option><option value=\"Medizinische Fakult\u00e4t Charit\u00e9 -Universit\u00e4tsmedizin Berlin\">Medizinische Fakult\u00e4t Charit\u00e9 -Universit\u00e4tsmedizin Berlin<\/option><option value=\"Zentralinstitut John-F.-Kennedy-Institut f\u00fcr Nordamerikastudien\">Zentralinstitut John-F.-Kennedy-Institut f\u00fcr Nordamerikastudien<\/option><option value=\"Zentralinstitut Lateinamerika-Institut\">Zentralinstitut Lateinamerika-Institut<\/option><option value=\"Zentralinstitut Osteuropa-Institut\">Zentralinstitut Osteuropa-Institut<\/option><option value=\"Zentralinstitut Dahlem School of Education\">Zentralinstitut Dahlem School of Education<\/option><\/select><\/span>\n<\/p>\n<p>Mein Fachgebiet: <span class=\"wpcf7-form-control-wrap\" data-name=\"text-972\"><input size=\"40\" maxlength=\"400\" class=\"wpcf7-form-control wpcf7-text\" aria-invalid=\"false\" value=\"\" type=\"text\" name=\"text-972\" \/><\/span>\n<\/p>\n<p>Dar\u00fcber hinaus w\u00fcnsche ich mir eine Beratung zu den folgenden Themen:\n<\/p>\n<h2> Forschen &amp; Publizieren<br \/>\n<\/h2>\n<p><span class=\"wpcf7-form-control-wrap\" data-name=\"checkbox-703\"><span class=\"wpcf7-form-control wpcf7-checkbox\"><span class=\"wpcf7-list-item first\"><label><input type=\"checkbox\" name=\"checkbox-703[]\" value=\"Beschaffung und Bereitstellung von Medien\" \/><span class=\"wpcf7-list-item-label\">Beschaffung und Bereitstellung von Medien<\/span><\/label><\/span><span class=\"wpcf7-list-item\"><label><input type=\"checkbox\" name=\"checkbox-703[]\" value=\"Digital Humanities\" \/><span class=\"wpcf7-list-item-label\">Digital Humanities<\/span><\/label><\/span><span class=\"wpcf7-list-item\"><label><input type=\"checkbox\" name=\"checkbox-703[]\" value=\"Digitale Interviewsammlungen\" \/><span class=\"wpcf7-list-item-label\">Digitale Interviewsammlungen<\/span><\/label><\/span><span class=\"wpcf7-list-item\"><label><input type=\"checkbox\" name=\"checkbox-703[]\" value=\"Forschungsdatenmanagement\" \/><span class=\"wpcf7-list-item-label\">Forschungsdatenmanagement<\/span><\/label><\/span><span class=\"wpcf7-list-item\"><label><input type=\"checkbox\" name=\"checkbox-703[]\" value=\"Fortbildungen\" \/><span class=\"wpcf7-list-item-label\">Fortbildungen<\/span><\/label><\/span><span class=\"wpcf7-list-item\"><label><input type=\"checkbox\" name=\"checkbox-703[]\" value=\"Generative KI-Tools\" \/><span class=\"wpcf7-list-item-label\">Generative KI-Tools<\/span><\/label><\/span><span class=\"wpcf7-list-item\"><label><input type=\"checkbox\" name=\"checkbox-703[]\" value=\"Lern- und Medienstandorte\" \/><span class=\"wpcf7-list-item-label\">Lern- und Medienstandorte<\/span><\/label><\/span><span class=\"wpcf7-list-item\"><label><input type=\"checkbox\" name=\"checkbox-703[]\" value=\"Recherche von Medien\" \/><span class=\"wpcf7-list-item-label\">Recherche von Medien<\/span><\/label><\/span><span class=\"wpcf7-list-item\"><label><input type=\"checkbox\" name=\"checkbox-703[]\" value=\"Universit\u00e4tssammlungen\" \/><span class=\"wpcf7-list-item-label\">Universit\u00e4tssammlungen<\/span><\/label><\/span><span class=\"wpcf7-list-item last\"><label><input type=\"checkbox\" name=\"checkbox-703[]\" value=\"Wissenschaftliches Publizieren\" \/><span class=\"wpcf7-list-item-label\">Wissenschaftliches Publizieren<\/span><\/label><\/span><\/span><\/span>\n<\/p>\n<h2>Lehren<br \/>\n<\/h2>\n<p><span class=\"wpcf7-form-control-wrap\" data-name=\"checkbox-721\"><span class=\"wpcf7-form-control wpcf7-checkbox\"><span class=\"wpcf7-list-item first\"><label><input type=\"checkbox\" name=\"checkbox-721[]\" value=\"Digitalisierungsservices\" \/><span class=\"wpcf7-list-item-label\">Digitalisierungsservices<\/span><\/label><\/span><span class=\"wpcf7-list-item\"><label><input type=\"checkbox\" name=\"checkbox-721[]\" value=\"Elektronische Ressourcen\" \/><span class=\"wpcf7-list-item-label\">Elektronische Ressourcen<\/span><\/label><\/span><span class=\"wpcf7-list-item\"><label><input type=\"checkbox\" name=\"checkbox-721[]\" value=\"Fortbildungen\" \/><span class=\"wpcf7-list-item-label\">Fortbildungen<\/span><\/label><\/span><span class=\"wpcf7-list-item\"><label><input type=\"checkbox\" name=\"checkbox-721[]\" value=\"Generative KI-Tools\" \/><span class=\"wpcf7-list-item-label\">Generative KI-Tools<\/span><\/label><\/span><span class=\"wpcf7-list-item\"><label><input type=\"checkbox\" name=\"checkbox-721[]\" value=\"Informations- und Schreibkompetenz\" \/><span class=\"wpcf7-list-item-label\">Informations- und Schreibkompetenz<\/span><\/label><\/span><span class=\"wpcf7-list-item\"><label><input type=\"checkbox\" name=\"checkbox-721[]\" value=\"Lern- und Medienstandorte\" \/><span class=\"wpcf7-list-item-label\">Lern- und Medienstandorte<\/span><\/label><\/span><span class=\"wpcf7-list-item\"><label><input type=\"checkbox\" name=\"checkbox-721[]\" value=\"Literaturbeschaffung\" \/><span class=\"wpcf7-list-item-label\">Literaturbeschaffung<\/span><\/label><\/span><span class=\"wpcf7-list-item\"><label><input type=\"checkbox\" name=\"checkbox-721[]\" value=\"Oral History\" \/><span class=\"wpcf7-list-item-label\">Oral History<\/span><\/label><\/span><span class=\"wpcf7-list-item\"><label><input type=\"checkbox\" name=\"checkbox-721[]\" value=\"Gute wissenschaftliche Praxis\" \/><span class=\"wpcf7-list-item-label\">Gute wissenschaftliche Praxis<\/span><\/label><\/span><span class=\"wpcf7-list-item last\"><label><input type=\"checkbox\" name=\"checkbox-721[]\" value=\"Semesterlisten\/Semesterapparate\" \/><span class=\"wpcf7-list-item-label\">Semesterlisten\/Semesterapparate<\/span><\/label><\/span><\/span><\/span>\n<\/p>\n<p>F\u00fcr ein erstes Gespr\u00e4ch w\u00fcnsche ich mir:<br \/>\n<span class=\"wpcf7-form-control-wrap\" data-name=\"checkbox-214\"><span class=\"wpcf7-form-control wpcf7-checkbox wpcf7-validates-as-required\"><span class=\"wpcf7-list-item first\"><label><input type=\"checkbox\" name=\"checkbox-214[]\" value=\"Ein pers\u00f6nliches Gespr\u00e4ch\" \/><span class=\"wpcf7-list-item-label\">Ein pers\u00f6nliches Gespr\u00e4ch<\/span><\/label><\/span><span class=\"wpcf7-list-item last\"><label><input type=\"checkbox\" name=\"checkbox-214[]\" value=\"Ein Webex Meeting\" \/><span class=\"wpcf7-list-item-label\">Ein Webex Meeting<\/span><\/label><\/span><\/span><\/span>\n<\/p>\n<p>Anrede (Bitte ausf\u00fcllen)\n<\/p>\n<p><span class=\"wpcf7-form-control-wrap\" data-name=\"Anrede\"><input size=\"40\" maxlength=\"400\" class=\"wpcf7-form-control wpcf7-text wpcf7-validates-as-required\" aria-required=\"true\" aria-invalid=\"false\" value=\"\" type=\"text\" name=\"Anrede\" \/><\/span>\n<\/p>\n<p>Titel\n<\/p>\n<p><span class=\"wpcf7-form-control-wrap\" data-name=\"Titel\"><input size=\"40\" maxlength=\"400\" class=\"wpcf7-form-control wpcf7-text\" aria-invalid=\"false\" value=\"\" type=\"text\" name=\"Titel\" \/><\/span>\n<\/p>\n<p>Mein Name (Bitte ausf\u00fcllen)\n<\/p>\n<p><span class=\"wpcf7-form-control-wrap\" data-name=\"your-name\"><input size=\"40\" maxlength=\"400\" class=\"wpcf7-form-control wpcf7-text wpcf7-validates-as-required\" aria-required=\"true\" aria-invalid=\"false\" value=\"\" type=\"text\" name=\"your-name\" \/><\/span>\n<\/p>\n<p>Meine E-Mail-Adresse (Bitte ausf\u00fcllen)\n<\/p>\n<p><span class=\"wpcf7-form-control-wrap\" data-name=\"your-email\"><input size=\"40\" maxlength=\"400\" class=\"wpcf7-form-control wpcf7-email wpcf7-validates-as-required wpcf7-text wpcf7-validates-as-email\" aria-required=\"true\" aria-invalid=\"false\" value=\"\" type=\"email\" name=\"your-email\" \/><\/span>\n<\/p>\n<p> Meine Telefonnummer (Bitte ausf\u00fcllen)\n<\/p>\n<p><span class=\"wpcf7-form-control-wrap\" data-name=\"tel-637\"><input size=\"40\" maxlength=\"400\" class=\"wpcf7-form-control wpcf7-tel wpcf7-validates-as-required wpcf7-text wpcf7-validates-as-tel\" aria-required=\"true\" aria-invalid=\"false\" value=\"\" type=\"tel\" name=\"tel-637\" \/><\/span>\n<\/p>\n<p> Weitere Anmerkungen &amp; Hinweise (z.B. Wunschtermin)\n<\/p>\n<p><span class=\"wpcf7-form-control-wrap\" data-name=\"your-message\"><textarea cols=\"40\" rows=\"10\" maxlength=\"2000\" class=\"wpcf7-form-control wpcf7-textarea\" aria-invalid=\"false\" name=\"your-message\"><\/textarea><\/span>\n<\/p>\n<p>Bitte kontaktieren Sie mich f\u00fcr einen individuellen Beratungstermin!\n<\/p>\n<p><b>Spamschutz-Code <\/b>: <input type=\"hidden\" name=\"_wpcf7_captcha_challenge_captcha-409\" value=\"2524225176\" \/><img loading=\"lazy\" decoding=\"async\" class=\"wpcf7-form-control wpcf7-captchac wpcf7-captcha-captcha-409\" width=\"72\" height=\"24\" alt=\"captcha\" src=\"https:\/\/blogs.fu-berlin.de\/startpaket\/files\/wpcf7_captcha\/2524225176.png\" \/>\n<\/p>\n<p>Geben Sie bitte hier den Spamschutz-Code ein: <span class=\"wpcf7-form-control-wrap\" data-name=\"captcha-409\"><input size=\"40\" class=\"wpcf7-form-control wpcf7-captchar\" autocomplete=\"off\" aria-invalid=\"false\" value=\"\" type=\"text\" name=\"captcha-409\" \/><\/span>\n<\/p>\n<p><input class=\"wpcf7-form-control wpcf7-submit has-spinner\" type=\"submit\" value=\"Senden\" \/>\n<\/p>\n<div class=\"wpcf7-response-output\" aria-hidden=\"true\"><\/div>\n<\/form>\n<\/div>\n","protected":false},"excerpt":{"rendered":"<p>Hier k\u00f6nnen Sie einen individuellen Beratungstermin mit uns vereinbaren. Nach einer zeitlichen Orientierung Ihrerseits melden wir uns anschlie\u00dfend mit einem Terminvorschlag zur\u00fcck. Um ein Team aus Expert*innen zusammenstellen zu k\u00f6nnen, w\u00e4ren wir f\u00fcr eine kurze Angabe vorab dankbar, welche Angebote der Servicepakete f\u00fcr Sie derzeit am relevantesten ist. Falls Sie dies noch nicht absehen k\u00f6nnen, &hellip; <a href=\"https:\/\/blogs.fu-berlin.de\/startpaket\/termin-themenanfrage\/\" class=\"more-link\"><span class=\"screen-reader-text\">\u201eBeratungstermin Erstgespr\u00e4ch\u201c<\/span> weiterlesen<\/a><\/p>\n","protected":false},"author":5,"featured_media":0,"parent":0,"menu_order":0,"comment_status":"closed","ping_status":"closed","template":"page_ohne-sb.php","meta":{"footnotes":""},"class_list":["post-816","page","type-page","status-publish","hentry"],"_links":{"self":[{"href":"https:\/\/blogs.fu-berlin.de\/startpaket\/wp-json\/wp\/v2\/pages\/816","targetHints":{"allow":["GET"]}}],"collection":[{"href":"https:\/\/blogs.fu-berlin.de\/startpaket\/wp-json\/wp\/v2\/pages"}],"about":[{"href":"https:\/\/blogs.fu-berlin.de\/startpaket\/wp-json\/wp\/v2\/types\/page"}],"author":[{"embeddable":true,"href":"https:\/\/blogs.fu-berlin.de\/startpaket\/wp-json\/wp\/v2\/users\/5"}],"replies":[{"embeddable":true,"href":"https:\/\/blogs.fu-berlin.de\/startpaket\/wp-json\/wp\/v2\/comments?post=816"}],"version-history":[{"count":12,"href":"https:\/\/blogs.fu-berlin.de\/startpaket\/wp-json\/wp\/v2\/pages\/816\/revisions"}],"predecessor-version":[{"id":1069,"href":"https:\/\/blogs.fu-berlin.de\/startpaket\/wp-json\/wp\/v2\/pages\/816\/revisions\/1069"}],"wp:attachment":[{"href":"https:\/\/blogs.fu-berlin.de\/startpaket\/wp-json\/wp\/v2\/media?parent=816"}],"curies":[{"name":"wp","href":"https:\/\/api.w.org\/{rel}","templated":true}]}}